{"id":104,"date":"2017-05-03T15:38:42","date_gmt":"2017-05-03T15:38:42","guid":{"rendered":"http:\/\/hermandadelperdonmadrid.es\/?page_id=104"},"modified":"2017-05-10T07:55:43","modified_gmt":"2017-05-10T07:55:43","slug":"procesion-2010","status":"publish","type":"page","link":"https:\/\/hermandadelperdonmadrid.es\/index.php\/procesion-2010\/","title":{"rendered":"Estaci\u00f3n de Penitencia 2010"},"content":{"rendered":"<p style=\"text-align: justify;\"><span style=\"font-family: 'Times New Roman', Times;\">\u201cUna tradici\u00f3n renovada.\u201d<\/span><\/p>\n<p style=\"text-align: justify;\"><img data-recalc-dims=\"1\" loading=\"lazy\" decoding=\"async\" class=\"size-medium wp-image-525 alignright\" src=\"https:\/\/i0.wp.com\/hermandadelperdonmadrid.es\/wp-content\/uploads\/2017\/05\/Cruz-J%C3%B3venes-2010.jpg?resize=300%2C224&#038;ssl=1\" alt=\"\" width=\"300\" height=\"224\" srcset=\"https:\/\/i0.wp.com\/hermandadelperdonmadrid.es\/wp-content\/uploads\/2017\/05\/Cruz-J%C3%B3venes-2010.jpg?resize=300%2C224&amp;ssl=1 300w, https:\/\/i0.wp.com\/hermandadelperdonmadrid.es\/wp-content\/uploads\/2017\/05\/Cruz-J%C3%B3venes-2010.jpg?w=348&amp;ssl=1 348w\" sizes=\"auto, (max-width: 300px) 100vw, 300px\" \/><\/p>\n<p style=\"text-align: justify;\"><span style=\"font-family: 'Times New Roman', Times;\">Corr\u00eda el fri\u00f3 invierno de Madrid y antes de pensar\u00a0en procesiones hay que hablar de la\u00a0Cruz, y no cualquiera, sino la Cruz que San Juan Pablo II entreg\u00f3 a los j\u00f3venes all\u00e1 en 1984 para la celebraci\u00f3n de las Jornadas Mundiales de la Juventud. Pues con esa cruz\u00a0se hizo un V\u00eda Crucis por la feligres\u00eda de la parroquia, que fue el germen de la posterior procesi\u00f3n.<\/span><\/p>\n<hr \/>\n<p style=\"text-align: justify;\"><span style=\"font-family: 'Times New Roman', Times;\"><img data-recalc-dims=\"1\" loading=\"lazy\" decoding=\"async\" class=\"size-medium wp-image-517 alignleft\" src=\"https:\/\/i0.wp.com\/hermandadelperdonmadrid.es\/wp-content\/uploads\/2017\/05\/Andas.jpg?resize=300%2C225&#038;ssl=1\" alt=\"\" width=\"300\" height=\"225\" srcset=\"https:\/\/i0.wp.com\/hermandadelperdonmadrid.es\/wp-content\/uploads\/2017\/05\/Andas.jpg?resize=300%2C225&amp;ssl=1 300w, https:\/\/i0.wp.com\/hermandadelperdonmadrid.es\/wp-content\/uploads\/2017\/05\/Andas.jpg?w=311&amp;ssl=1 311w\" sizes=\"auto, (max-width: 300px) 100vw, 300px\" \/>Ya inmersos en la Cuaresma y gracias al apoyo del p\u00e1rroco y posterior director espiritual de la incipiente Hermandad -Jos\u00e9 Manuel Horcajo- sali\u00f3 adelante la idea de una procesi\u00f3n con un Cristo crucificado que ya hab\u00eda salido anteriormente. As\u00ed tras preparar unas sencillas andas procesionales y la restauraci\u00f3n del Cristo se present\u00f3 la semana de Pasi\u00f3n.<\/span><\/p>\n<hr \/>\n<p style=\"text-align: justify;\"><span style=\"font-family: 'Times New Roman', Times;\">La hermandad poco pose\u00eda propio, las sencillas andas, y poco m\u00e1s, as\u00ed se entroniz\u00f3 al Cristo en su paso. Fue exornado para la ocasi\u00f3n con iris y claveles y con unos candelabros sencillos a la altura del Cristo y otros dos cedidos por la Archicofrad\u00eda de Jes\u00fas de Medinaceli, para la delantera del paso. La primera salida procesional, fue a modo de V\u00eda Crucis, por la feligres\u00eda de la parroquia, como hizo la Cruz de los j\u00f3venes. Fue sencilla y con el p\u00fablico normal de los barrios que hac\u00edan de la procesi\u00f3n y del Cristo algo propio, con una devoci\u00f3n que empezaba a florecer.<\/span><\/p>\n<p style=\"text-align: justify;\"><span style=\"font-family: 'Times New Roman', Times;\"><img data-recalc-dims=\"1\" loading=\"lazy\" decoding=\"async\" class=\" wp-image-530 aligncenter\" src=\"https:\/\/i0.wp.com\/hermandadelperdonmadrid.es\/wp-content\/uploads\/2017\/05\/Procesi%C3%B3n-2010-2.jpg?resize=440%2C295&#038;ssl=1\" alt=\"\" width=\"440\" height=\"295\" srcset=\"https:\/\/i0.wp.com\/hermandadelperdonmadrid.es\/wp-content\/uploads\/2017\/05\/Procesi%C3%B3n-2010-2.jpg?resize=300%2C201&amp;ssl=1 300w, https:\/\/i0.wp.com\/hermandadelperdonmadrid.es\/wp-content\/uploads\/2017\/05\/Procesi%C3%B3n-2010-2.jpg?w=462&amp;ssl=1 462w\" sizes=\"auto, (max-width: 440px) 100vw, 440px\" \/><\/span><\/p>\n<p style=\"text-align: justify;\">Sergio \u00dabeda Portugu\u00e9s.<\/p>\n<p style=\"text-align: justify;\">\n","protected":false},"excerpt":{"rendered":"<p>\u201cUna tradici\u00f3n renovada.\u201d Corr\u00eda el fri\u00f3 invierno de Madrid y antes de pensar\u00a0en procesiones hay que hablar de la\u00a0Cruz, y no cualquiera, sino la Cruz que San Juan Pablo II entreg\u00f3 a los j\u00f3venes all\u00e1 en 1984 para la celebraci\u00f3n &hellip; <a href=\"https:\/\/hermandadelperdonmadrid.es\/index.php\/procesion-2010\/\">Sigue leyendo <span class=\"meta-nav\">&rarr;<\/span><\/a><\/p>\n","protected":false},"author":1,"featured_media":0,"parent":0,"menu_order":0,"comment_status":"closed","ping_status":"closed","template":"","meta":{"footnotes":""},"class_list":["post-104","page","type-page","status-publish","hentry"],"jetpack_sharing_enabled":true,"jetpack_shortlink":"https:\/\/wp.me\/P8GJlT-1G","_links":{"self":[{"href":"https:\/\/hermandadelperdonmadrid.es\/index.php\/wp-json\/wp\/v2\/pages\/104","targetHints":{"allow":["GET"]}}],"collection":[{"href":"https:\/\/hermandadelperdonmadrid.es\/index.php\/wp-json\/wp\/v2\/pages"}],"about":[{"href":"https:\/\/hermandadelperdonmadrid.es\/index.php\/wp-json\/wp\/v2\/types\/page"}],"author":[{"embeddable":true,"href":"https:\/\/hermandadelperdonmadrid.es\/index.php\/wp-json\/wp\/v2\/users\/1"}],"replies":[{"embeddable":true,"href":"https:\/\/hermandadelperdonmadrid.es\/index.php\/wp-json\/wp\/v2\/comments?post=104"}],"version-history":[{"count":5,"href":"https:\/\/hermandadelperdonmadrid.es\/index.php\/wp-json\/wp\/v2\/pages\/104\/revisions"}],"predecessor-version":[{"id":561,"href":"https:\/\/hermandadelperdonmadrid.es\/index.php\/wp-json\/wp\/v2\/pages\/104\/revisions\/561"}],"wp:attachment":[{"href":"https:\/\/hermandadelperdonmadrid.es\/index.php\/wp-json\/wp\/v2\/media?parent=104"}],"curies":[{"name":"wp","href":"https:\/\/api.w.org\/{rel}","templated":true}]}}