{"id":115,"date":"2017-05-03T18:29:56","date_gmt":"2017-05-03T18:29:56","guid":{"rendered":"http:\/\/hermandadelperdonmadrid.es\/?page_id=115"},"modified":"2017-05-10T08:01:54","modified_gmt":"2017-05-10T08:01:54","slug":"procesion-2014","status":"publish","type":"page","link":"https:\/\/hermandadelperdonmadrid.es\/index.php\/procesion-2014\/","title":{"rendered":"Estaci\u00f3n de Penitencia 2014"},"content":{"rendered":"<p><span style=\"font-family: 'Times New Roman', Times;\">\u201cSobre un manto de iris.\u201d<\/span><\/p>\n<p style=\"text-align: justify;\"><span style=\"font-family: 'Times New Roman', Times;\"><img data-recalc-dims=\"1\" loading=\"lazy\" decoding=\"async\" class=\" wp-image-521 alignleft\" src=\"https:\/\/i0.wp.com\/hermandadelperdonmadrid.es\/wp-content\/uploads\/2017\/05\/Cartel-2014.jpg?resize=140%2C188&#038;ssl=1\" alt=\"\" width=\"140\" height=\"188\" \/>El Viernes de Dolores de 2014 fue el primer a\u00f1o que el Cristo del Perd\u00f3n recorri\u00f3 la gran avenida de Vallecas, la avenida de la Albufera. Fue una tarde calurosa de primavera en la que tambi\u00e9n fue novedad la escolta del Real Gremio de Halconeros y la Agrupaci\u00f3n Musical \u201cLa Columna\u201d de Alcal\u00e1 de Henares. Tanto los halconeros como los m\u00fasicos ya nos acompa\u00f1aron en 2013 aunque la lluvia no permiti\u00f3 que lo hicieran por las calles del barrio.<\/span><\/p>\n<p style=\"text-align: justify;\"><span style=\"font-family: 'Times New Roman', Times;\"><img data-recalc-dims=\"1\" loading=\"lazy\" decoding=\"async\" class=\"wp-image-540 aligncenter\" src=\"https:\/\/i0.wp.com\/hermandadelperdonmadrid.es\/wp-content\/uploads\/2017\/05\/Procesi%C3%B3n-2014.jpg?resize=450%2C335&#038;ssl=1\" alt=\"\" width=\"450\" height=\"335\" srcset=\"https:\/\/i0.wp.com\/hermandadelperdonmadrid.es\/wp-content\/uploads\/2017\/05\/Procesi%C3%B3n-2014.jpg?resize=300%2C223&amp;ssl=1 300w, https:\/\/i0.wp.com\/hermandadelperdonmadrid.es\/wp-content\/uploads\/2017\/05\/Procesi%C3%B3n-2014.jpg?w=517&amp;ssl=1 517w\" sizes=\"auto, (max-width: 450px) 100vw, 450px\" \/><\/span><\/p>\n<p style=\"text-align: justify;\"><span style=\"font-family: 'Times New Roman', Times;\">En 2014 el exorno floral del paso lo compon\u00edan statices e iris morados. Al frente del paso, los nuevos capataces, Jos\u00e9 Miguel Mart\u00edn P\u00e9rez y Daniel P\u00e9rez Villacast\u00edn. Aquel a\u00f1o son\u00f3 por primera vez detr\u00e1s de nuestro Titular la marcha \u201cTriunfal\u201d, canto lit\u00fargico por excelencia, antes de entrar en el templo, en la recogida, convirti\u00e9ndose en una tradici\u00f3n a repetir en cada salida procesional.<\/span><\/p>\n<p><span style=\"font-family: 'Times New Roman', Times;\"><img data-recalc-dims=\"1\" loading=\"lazy\" decoding=\"async\" class=\" wp-image-539 aligncenter\" src=\"https:\/\/i0.wp.com\/hermandadelperdonmadrid.es\/wp-content\/uploads\/2017\/05\/Procesi%C3%B3n-2014-2.jpg?resize=450%2C336&#038;ssl=1\" alt=\"\" width=\"450\" height=\"336\" srcset=\"https:\/\/i0.wp.com\/hermandadelperdonmadrid.es\/wp-content\/uploads\/2017\/05\/Procesi%C3%B3n-2014-2.jpg?resize=300%2C224&amp;ssl=1 300w, https:\/\/i0.wp.com\/hermandadelperdonmadrid.es\/wp-content\/uploads\/2017\/05\/Procesi%C3%B3n-2014-2.jpg?w=505&amp;ssl=1 505w\" sizes=\"auto, (max-width: 450px) 100vw, 450px\" \/><\/span><\/p>\n<p><span style=\"font-family: 'Times New Roman', Times;\">Julio Casanova Merinero.<\/span><\/p>\n","protected":false},"excerpt":{"rendered":"<p>\u201cSobre un manto de iris.\u201d El Viernes de Dolores de 2014 fue el primer a\u00f1o que el Cristo del Perd\u00f3n recorri\u00f3 la gran avenida de Vallecas, la avenida de la Albufera. Fue una tarde calurosa de primavera en la que &hellip; <a href=\"https:\/\/hermandadelperdonmadrid.es\/index.php\/procesion-2014\/\">Sigue leyendo <span class=\"meta-nav\">&rarr;<\/span><\/a><\/p>\n","protected":false},"author":1,"featured_media":0,"parent":0,"menu_order":0,"comment_status":"closed","ping_status":"closed","template":"","meta":{"footnotes":""},"class_list":["post-115","page","type-page","status-publish","hentry"],"jetpack_sharing_enabled":true,"jetpack_shortlink":"https:\/\/wp.me\/P8GJlT-1R","_links":{"self":[{"href":"https:\/\/hermandadelperdonmadrid.es\/index.php\/wp-json\/wp\/v2\/pages\/115","targetHints":{"allow":["GET"]}}],"collection":[{"href":"https:\/\/hermandadelperdonmadrid.es\/index.php\/wp-json\/wp\/v2\/pages"}],"about":[{"href":"https:\/\/hermandadelperdonmadrid.es\/index.php\/wp-json\/wp\/v2\/types\/page"}],"author":[{"embeddable":true,"href":"https:\/\/hermandadelperdonmadrid.es\/index.php\/wp-json\/wp\/v2\/users\/1"}],"replies":[{"embeddable":true,"href":"https:\/\/hermandadelperdonmadrid.es\/index.php\/wp-json\/wp\/v2\/comments?post=115"}],"version-history":[{"count":8,"href":"https:\/\/hermandadelperdonmadrid.es\/index.php\/wp-json\/wp\/v2\/pages\/115\/revisions"}],"predecessor-version":[{"id":568,"href":"https:\/\/hermandadelperdonmadrid.es\/index.php\/wp-json\/wp\/v2\/pages\/115\/revisions\/568"}],"wp:attachment":[{"href":"https:\/\/hermandadelperdonmadrid.es\/index.php\/wp-json\/wp\/v2\/media?parent=115"}],"curies":[{"name":"wp","href":"https:\/\/api.w.org\/{rel}","templated":true}]}}