{"id":1862,"date":"2020-04-24T10:30:00","date_gmt":"2020-04-24T09:30:00","guid":{"rendered":"http:\/\/hermandadelperdonmadrid.es\/?page_id=1862"},"modified":"2023-11-19T17:17:49","modified_gmt":"2023-11-19T16:17:49","slug":"estacion-de-penitencia-2020","status":"publish","type":"page","link":"https:\/\/hermandadelperdonmadrid.es\/index.php\/estacion-de-penitencia-2020\/","title":{"rendered":"Estaci\u00f3n de Penitencia 2020"},"content":{"rendered":"<p style=\"text-align: justify;\">\u00abY lleg\u00f3 por fin nuestro d\u00eda.\u00bb<\/p>\n<p style=\"text-align: justify;\"><img data-recalc-dims=\"1\" loading=\"lazy\" decoding=\"async\" class=\"wp-image-1408 alignleft\" src=\"https:\/\/i0.wp.com\/hermandadelperdonmadrid.es\/wp-content\/uploads\/2020\/02\/Cartel-2020.jpeg?resize=140%2C198&#038;ssl=1\" alt=\"\" width=\"140\" height=\"198\" srcset=\"https:\/\/i0.wp.com\/hermandadelperdonmadrid.es\/wp-content\/uploads\/2020\/02\/Cartel-2020.jpeg?w=1131&amp;ssl=1 1131w, https:\/\/i0.wp.com\/hermandadelperdonmadrid.es\/wp-content\/uploads\/2020\/02\/Cartel-2020.jpeg?resize=212%2C300&amp;ssl=1 212w, https:\/\/i0.wp.com\/hermandadelperdonmadrid.es\/wp-content\/uploads\/2020\/02\/Cartel-2020.jpeg?resize=724%2C1024&amp;ssl=1 724w, https:\/\/i0.wp.com\/hermandadelperdonmadrid.es\/wp-content\/uploads\/2020\/02\/Cartel-2020.jpeg?resize=768%2C1086&amp;ssl=1 768w, https:\/\/i0.wp.com\/hermandadelperdonmadrid.es\/wp-content\/uploads\/2020\/02\/Cartel-2020.jpeg?resize=1086%2C1536&amp;ssl=1 1086w\" sizes=\"auto, (max-width: 140px) 100vw, 140px\" \/>Tras un inicio de a\u00f1o con mucha incertidumbre provocada por la expansi\u00f3n del coronavirus, se decret\u00f3 en Espa\u00f1a el Estado de Alarma en todo el pa\u00eds. A pesar de llevar un largo a\u00f1o esperando la llegada de un nuevo Viernes de Dolores, la Hermandad tom\u00f3 la triste y dolorosa, pero en estas circunstancias necesaria, decisi\u00f3n de suspender los cultos del Triduo al Sant\u00edsimo Cristo del Perd\u00f3n, la Funci\u00f3n Principal de Instituto y la Estaci\u00f3n de Penitencia.<\/p>\n<hr \/>\n<p style=\"text-align: justify;\">Sin embargo, se trabaj\u00f3 por no quedarnos con el mal sabor de boca, y nos toc\u00f3 reinventarnos, ir un paso m\u00e1s all\u00e1, entrar en los hogares de nuestros hermanos a trav\u00e9s de la tecnolog\u00eda y de internet, para hacerles llegar la bendici\u00f3n y el consuelo de nuestros Sagrados Titulares y siendo part\u00edcipes de una forma diferente de evangelizaci\u00f3n.<\/p>\n<p style=\"text-align: justify;\"><img data-recalc-dims=\"1\" loading=\"lazy\" decoding=\"async\" class=\"wp-image-1895 alignright\" src=\"https:\/\/i0.wp.com\/hermandadelperdonmadrid.es\/wp-content\/uploads\/2020\/10\/Virgen-Cuaresma-e1602785468856.jpg?resize=210%2C334&#038;ssl=1\" alt=\"\" width=\"210\" height=\"334\" srcset=\"https:\/\/i0.wp.com\/hermandadelperdonmadrid.es\/wp-content\/uploads\/2020\/10\/Virgen-Cuaresma-e1602785468856.jpg?w=795&amp;ssl=1 795w, https:\/\/i0.wp.com\/hermandadelperdonmadrid.es\/wp-content\/uploads\/2020\/10\/Virgen-Cuaresma-e1602785468856.jpg?resize=189%2C300&amp;ssl=1 189w, https:\/\/i0.wp.com\/hermandadelperdonmadrid.es\/wp-content\/uploads\/2020\/10\/Virgen-Cuaresma-e1602785468856.jpg?resize=645%2C1024&amp;ssl=1 645w, https:\/\/i0.wp.com\/hermandadelperdonmadrid.es\/wp-content\/uploads\/2020\/10\/Virgen-Cuaresma-e1602785468856.jpg?resize=768%2C1220&amp;ssl=1 768w\" sizes=\"auto, (max-width: 210px) 100vw, 210px\" \/>De esta forma, aunque no pudimos ser los pies del Cristo del Perd\u00f3n y de su bendita madre la Virgen de la Misericordia, ni pudimos dar esa catequesis por las calles de nuestro barrio con su presencia y con cada paso a paso. Vivimos una Semana Santa no menos intensa y espiritual que en a\u00f1os anteriores, al contrario, la vivimos con m\u00e1s recogimiento, con m\u00e1s interioridad, con m\u00e1s oraci\u00f3n y por qu\u00e9 no decirlo, con m\u00e1s sacrificio.<\/p>\n<p style=\"text-align: justify;\">Tengamos Fe y Esperanza que el 2021, traiga de nuevo la alegr\u00eda y la fiesta a nuestras calles tras estos largos meses oscuros y a buen seguro volver\u00e1n esos pasos a golpe de bombo y esas oraciones a modo de racheo que tanto bien hacen a nuestro barrio.<\/p>\n<p style=\"text-align: justify;\">Pidamos al Sant\u00edsimo Cristo del Perd\u00f3n y a su madre Mar\u00eda Sant\u00edsima de la Misericordia para que aquellos que ya no est\u00e1n entre nosotros descansen en la paz del Padre, para que aquellos que han enfermado sanen lo m\u00e1s pronto posible y para que extiendan su protecci\u00f3n sobre todos nosotros y nos libren de este mal que nos asola.<\/p>\n<p><img data-recalc-dims=\"1\" loading=\"lazy\" decoding=\"async\" class=\"wp-image-1894 aligncenter\" src=\"https:\/\/i0.wp.com\/hermandadelperdonmadrid.es\/wp-content\/uploads\/2020\/10\/Altar-Viernes-Dolores-e1602785433726.jpg?resize=530%2C416&#038;ssl=1\" alt=\"\" width=\"530\" height=\"416\" srcset=\"https:\/\/i0.wp.com\/hermandadelperdonmadrid.es\/wp-content\/uploads\/2020\/10\/Altar-Viernes-Dolores-e1602785433726.jpg?w=1080&amp;ssl=1 1080w, https:\/\/i0.wp.com\/hermandadelperdonmadrid.es\/wp-content\/uploads\/2020\/10\/Altar-Viernes-Dolores-e1602785433726.jpg?resize=300%2C235&amp;ssl=1 300w, https:\/\/i0.wp.com\/hermandadelperdonmadrid.es\/wp-content\/uploads\/2020\/10\/Altar-Viernes-Dolores-e1602785433726.jpg?resize=1024%2C803&amp;ssl=1 1024w, https:\/\/i0.wp.com\/hermandadelperdonmadrid.es\/wp-content\/uploads\/2020\/10\/Altar-Viernes-Dolores-e1602785433726.jpg?resize=768%2C602&amp;ssl=1 768w\" sizes=\"auto, (max-width: 530px) 100vw, 530px\" \/><\/p>\n<p style=\"text-align: justify;\">\u00d3scar Garc\u00eda Qui\u00f1ones.<\/p>\n","protected":false},"excerpt":{"rendered":"<p>\u00abY lleg\u00f3 por fin nuestro d\u00eda.\u00bb Tras un inicio de a\u00f1o con mucha incertidumbre provocada por la expansi\u00f3n del coronavirus, se decret\u00f3 en Espa\u00f1a el Estado de Alarma en todo el pa\u00eds. A pesar de llevar un largo a\u00f1o esperando &hellip; <a href=\"https:\/\/hermandadelperdonmadrid.es\/index.php\/estacion-de-penitencia-2020\/\">Sigue leyendo <span class=\"meta-nav\">&rarr;<\/span><\/a><\/p>\n","protected":false},"author":1,"featured_media":0,"parent":0,"menu_order":0,"comment_status":"closed","ping_status":"closed","template":"","meta":{"footnotes":""},"class_list":["post-1862","page","type-page","status-publish","hentry"],"jetpack_sharing_enabled":true,"jetpack_shortlink":"https:\/\/wp.me\/P8GJlT-u2","_links":{"self":[{"href":"https:\/\/hermandadelperdonmadrid.es\/index.php\/wp-json\/wp\/v2\/pages\/1862","targetHints":{"allow":["GET"]}}],"collection":[{"href":"https:\/\/hermandadelperdonmadrid.es\/index.php\/wp-json\/wp\/v2\/pages"}],"about":[{"href":"https:\/\/hermandadelperdonmadrid.es\/index.php\/wp-json\/wp\/v2\/types\/page"}],"author":[{"embeddable":true,"href":"https:\/\/hermandadelperdonmadrid.es\/index.php\/wp-json\/wp\/v2\/users\/1"}],"replies":[{"embeddable":true,"href":"https:\/\/hermandadelperdonmadrid.es\/index.php\/wp-json\/wp\/v2\/comments?post=1862"}],"version-history":[{"count":23,"href":"https:\/\/hermandadelperdonmadrid.es\/index.php\/wp-json\/wp\/v2\/pages\/1862\/revisions"}],"predecessor-version":[{"id":3012,"href":"https:\/\/hermandadelperdonmadrid.es\/index.php\/wp-json\/wp\/v2\/pages\/1862\/revisions\/3012"}],"wp:attachment":[{"href":"https:\/\/hermandadelperdonmadrid.es\/index.php\/wp-json\/wp\/v2\/media?parent=1862"}],"curies":[{"name":"wp","href":"https:\/\/api.w.org\/{rel}","templated":true}]}}